{"id":12797,"date":"2025-10-25T10:32:45","date_gmt":"2025-10-25T13:32:45","guid":{"rendered":"https:\/\/lerban.com.br\/loja\/?post_type=product&#038;p=12797"},"modified":"2026-04-22T15:43:55","modified_gmt":"2026-04-22T18:43:55","slug":"familia-meu-abrigo-seguro","status":"publish","type":"product","link":"https:\/\/lerban.com.br\/loja\/shop\/jovens-e-adultos\/licoes-da-biblia\/familia-meu-abrigo-seguro\/","title":{"rendered":"LB 03 &#8211; Fam\u00edlia, Meu Abrigo Seguro"},"content":{"rendered":"<p>Sum\u00e1rio<\/p>\n<p>&nbsp;<\/p>\n<p>LI\u00c7\u00c3O 01 &#8211; Fam\u00edlia: Defini\u00e7\u00e3o, Origem e import\u00e2ncia<\/p>\n<p>LI\u00c7\u00c3O 02 &#8211; Inimigos da Fam\u00edlia<\/p>\n<p>LI\u00c7\u00c3O 03 &#8211; O Jogo do Dinheiro<\/p>\n<p>LI\u00c7\u00c3O 04 &#8211; Vis\u00e3o B\u00edblica Para a Terceira Idade<\/p>\n<p>LI\u00c7\u00c3O 05 &#8211; Desafios e Erros na Educa\u00e7\u00e3o dos Filhos<\/p>\n<p>LI\u00c7\u00c3O 06 &#8211; O Minist\u00e9rio Pastoral e a Fam\u00edlia<\/p>\n<p>LI\u00c7\u00c3O 07 &#8211; Princ\u00edpios e Valores B\u00edblicas Para os Filhos<\/p>\n<p>LI\u00c7\u00c3O 08 &#8211; Tempo em Fam\u00edlia<\/p>\n<p>LI\u00c7\u00c3O 09 &#8211; A Fam\u00edlia Como Instrumento de Deus<\/p>\n<p>LI\u00c7\u00c3O 10 &#8211; A Fam\u00edlia e a Educa\u00e7\u00e3o Crist\u00e3<\/p>\n<p>LI\u00c7\u00c3O 11 &#8211; Pastoreando o Cora\u00e7\u00e3o da Crian\u00e7a<\/p>\n<p>LI\u00c7\u00c3O 12 &#8211; Como Lidar Com o Luto na Fam\u00edlia<\/p>\n<p>LI\u00c7\u00c3O 13 &#8211; Perdoar ou Perder? Fa\u00e7a Sua Escolha<\/p>\n<p>&nbsp;<\/p>\n<p>68 p\u00e1ginas<br \/>\n13 Li\u00e7\u00f5es<br \/>\nFormato Revista<br \/>\nP\u00fablico Alvo:<br \/>\nFam\u00edlia; Escola B\u00edblica; Pequenos grupos; outros.<\/p>\n","protected":false},"excerpt":{"rendered":"<p><b>Acesse aqui a Primeira Li\u00e7\u00e3o da Revista<br \/>\n<a href=\"https:\/\/lerban.com.br\/loja\/wp-content\/uploads\/2025\/10\/Licao-01-Familia-Definicao-Origem-Importancia.pdf\">Li\u00e7\u00e3o 01 &#8211; Fam\u00edlia, Defini\u00e7\u00e3o, Origem, Import\u00e2ncia<\/a><\/b><\/p>\n<p>A CBN como institui\u00e7\u00e3o agrega em seu seio as Igrejas Batistas Nacionais, em todo o Brasil e no mundo, que est\u00e3o em comunh\u00e3o com os princ\u00edpios e valores da denomina\u00e7\u00e3o. \u00c9 por isso que, desde a sua funda\u00e7\u00e3o, ela tem a preocupa\u00e7\u00e3o missional de educar todas as igrejas com publica\u00e7\u00f5es e editoriais que estejam em conson\u00e2ncia com este nobre prop\u00f3sito.<\/p>\n<p>\u00c9 com esse sentimento de unidade e esp\u00edrito que a LERBAN, Livraria Editora Renova\u00e7\u00e3o Batista Nacional tem a imensa satisfa\u00e7\u00e3o de apresentar mais uma nova produ\u00e7\u00e3o liter\u00e1ria que visa a edifica\u00e7\u00e3o da membresia Batista Nacional: A revista Li\u00e7\u00f5es da B\u00edblia.<\/p>\n<p>Isso tem sido poss\u00edvel gra\u00e7as \u00e0 parceria com as inspira\u00e7\u00f5es da Conven\u00e7\u00e3o Mineira (CBN|MG), que por meio da atual diretoria e pastores, escreveu essa literatura com o objetivo de oferecer \u00e0s igrejas batista e demais denomina\u00e7\u00f5es o alimento s\u00f3lido e edificante da Palavra de Deus.<\/p>\n<p>Em cada li\u00e7\u00e3o, o leitor atento poder\u00e1 encontrar recursos did\u00e1ticos que facilitar\u00e3o a aprendizagem como os resumos dos cap\u00edtulos, destaques dos pontos centrais de cada t\u00f3pico e espa\u00e7o para suas anota\u00e7\u00f5es pessoais.<\/p>\n<p>Diante disso, o desejo da LERBAN e deu seu conselho editorial \u00e9 que as igrejas sejam presenteadas por mais essa literatura evang\u00e9lica e b\u00edblica, como objetivo de conduzir cada crist\u00e3o e suas igrejas \u00e0 maturidade em Cristo Jesus.<\/p>\n<p style=\"text-align: right;\"><em>Editorial LERBAN<\/em><\/p>\n<p>&nbsp;<\/p>\n<ul>\n<li>68 p\u00e1ginas<\/li>\n<li>13 Li\u00e7\u00f5es<\/li>\n<li>Formato Revista<\/li>\n<li>P\u00fablico Alvo: Fam\u00edlia; Escola B\u00edblica; Pequenos grupos; outros.<\/li>\n<\/ul>\n","protected":false},"featured_media":12798,"template":"","meta":[],"product_cat":[128],"product_tag":[],"class_list":["post-12797","product","type-product","status-publish","has-post-thumbnail","hentry","product_cat-licoes-da-biblia"],"_links":{"self":[{"href":"https:\/\/lerban.com.br\/loja\/wp-json\/wp\/v2\/product\/12797"}],"collection":[{"href":"https:\/\/lerban.com.br\/loja\/wp-json\/wp\/v2\/product"}],"about":[{"href":"https:\/\/lerban.com.br\/loja\/wp-json\/wp\/v2\/types\/product"}],"wp:featuredmedia":[{"embeddable":true,"href":"https:\/\/lerban.com.br\/loja\/wp-json\/wp\/v2\/media\/12798"}],"wp:attachment":[{"href":"https:\/\/lerban.com.br\/loja\/wp-json\/wp\/v2\/media?parent=12797"}],"wp:term":[{"taxonomy":"product_cat","embeddable":true,"href":"https:\/\/lerban.com.br\/loja\/wp-json\/wp\/v2\/product_cat?post=12797"},{"taxonomy":"product_tag","embeddable":true,"href":"https:\/\/lerban.com.br\/loja\/wp-json\/wp\/v2\/product_tag?post=12797"}],"curies":[{"name":"wp","href":"https:\/\/api.w.org\/{rel}","templated":true}]}}