{"id":10574,"date":"2024-03-28T14:03:43","date_gmt":"2024-03-28T17:03:43","guid":{"rendered":"https:\/\/lerban.com.br\/loja\/?post_type=product&#038;p=10574"},"modified":"2026-07-30T14:58:44","modified_gmt":"2026-07-30T17:58:44","slug":"navegando-com-proposito","status":"publish","type":"product","link":"https:\/\/lerban.com.br\/loja\/shop\/livros\/navegando-com-proposito\/","title":{"rendered":"Navegando com Prop\u00f3sito"},"content":{"rendered":"","protected":false},"excerpt":{"rendered":"<p>Habilidade de Intelig\u00eancia Digital para Crist\u00e3os<\/p>\n<p>Um panorama extraordin\u00e1rio sobre a aten\u00e7\u00e3o necess\u00e1ria que devemos ter em praticamente tudo o que envolve essa Era digital.<\/p>\n<p>&nbsp;<\/p>\n<p>Autores:<br \/>\nMarisa Abreu de Carvalho<br \/>\nMaur\u00edcio Abreu de Carvalho<\/p>\n<p>&nbsp;<\/p>\n<p>SUM\u00c1RIO:<\/p>\n<p style=\"text-align: center;\"><strong>CAP\u00cdTULO 1<\/strong><\/p>\n<p><strong>O QUE S\u00c3O HABILIDADES DE INTELIG\u00caNCIA DIGITAL<\/strong><\/p>\n<ul>\n<li>A Exclus\u00e3o Digital<\/li>\n<li>A Alfabetiza\u00e7\u00e3o Digital<\/li>\n<li>As Habilidades da Intelig\u00eancia Digital<\/li>\n<\/ul>\n<p>&nbsp;<\/p>\n<p style=\"text-align: center;\"><strong>CAP\u00cdTULO 2<\/strong><\/p>\n<p><strong>USO DIGITAL &#8211; GERENCIAMENTO DO TEMPO DE USO<\/strong><\/p>\n<ul>\n<li>Protagonistas ou no uso da Tecnologia<\/li>\n<li>Autocontrole da Capacidade de Ser Multitarefa<\/li>\n<li>Doen\u00e7as e Efeitos Nocivos do Excesso<\/li>\n<li>Administra\u00e7\u00e3o do Tempo de Uso Digital<\/li>\n<li>Tempo de Tela Recomendado<\/li>\n<\/ul>\n<p>&nbsp;<\/p>\n<p style=\"text-align: center;\"><strong>CAP\u00cdTULO 3<\/strong><\/p>\n<p><strong>DIREITO DIGITAL &#8211; PRIVACIDADE<\/strong><\/p>\n<ul>\n<li>Habilidade de Gerenciar a Privacidade<\/li>\n<li>O Direito \u00e0 Privacidade como um Direito B\u00e1sico Universal (Direitos Humanos)<\/li>\n<li>Como Manter a Privacidade nas m\u00eddias Sociais<\/li>\n<li>Como Proteger a Privacidade de Outros<\/li>\n<\/ul>\n<p>&nbsp;<\/p>\n<p style=\"text-align: center;\"><strong>CAP\u00cdTULO 4<\/strong><\/p>\n<p><strong>SEGURAN\u00c7A INDIVIDUAL DIGITAL &#8211; CYBERBULLYING<\/strong><\/p>\n<ul>\n<li>O Que \u00e9 <em>Cyberbullying?<\/em><\/li>\n<li>Como Detectar se Algu\u00e9m Est\u00e1 Sofrendo <em>Bullying<\/em> Cibern\u00e9tico?<\/li>\n<li>O Que Fazer Para N\u00e3o Se Tornar V\u00edtima do <em>Bullying On-line?<\/em><\/li>\n<li>O Crist\u00e3o e o Linchamento Virtual<\/li>\n<li>O Crist\u00e3o e o Cancelamento nas Redes Sociais<\/li>\n<li>Sou V\u00edtima de <em>Cyberbullying<\/em>.\u00a0E agora?<\/li>\n<\/ul>\n<p>&nbsp;<\/p>\n<p style=\"text-align: center;\"><strong>CAP\u00cdTULO 5<\/strong><\/p>\n<p><strong>IDENTIDADE DIGITAL &#8211; CIDADANIA DIGITAL<\/strong><\/p>\n<ul>\n<li>A Identidade<\/li>\n<li>A Identidade Crist\u00e3<\/li>\n<li>Como a Internet Funciona<\/li>\n<li>Identidade Digital<\/li>\n<li>Nossa Identidade <em>On-line<\/em> e <em>Off-line<\/em><\/li>\n<li>Princ\u00edpios Morais do Cidad\u00e3o Digital Crist\u00e3o<\/li>\n<\/ul>\n<p>&nbsp;<\/p>\n<p style=\"text-align: center;\"><strong>CAP\u00cdTULO 6<\/strong><\/p>\n<p><strong>COMUNICA\u00c7\u00c3O DIGITAL &#8211; PEGADAS DIGITAIS<\/strong><\/p>\n<ul>\n<li>Footprint &#8211; Pegada Digital<\/li>\n<li>Pegadas Digitais e Informa\u00e7\u00f5es Pessoais<\/li>\n<li>A Natureza Persistente e Viral das Pegadas Digitais<\/li>\n<li>Consequ\u00eancias das Pegadas Digitais<\/li>\n<li>Estrat\u00e9gias para Deixar Pegadas Digitais Positivas<\/li>\n<\/ul>\n<p>&nbsp;<\/p>\n<p style=\"text-align: center;\"><strong>CAP\u00cdTULO 7<\/strong><\/p>\n<p><strong>PREVEN\u00c7\u00c3O E PROTE\u00c7\u00c3O DIGITAL &#8211; SEGURAN\u00c7A CIBERN\u00c9TICA<\/strong><\/p>\n<ul>\n<li>Como Criar Senhas Fortes<\/li>\n<li>Como Manter as Senhas Seguras<\/li>\n<li>Como Detectar <em>Spam<\/em> e Esquemas<\/li>\n<li>Como Lidar com Amea\u00e7as Virtuais <em>(<\/em><em>Phisbing)<\/em><\/li>\n<li>Como Melhorar a Seguran\u00e7a do Dispositivo (Aparelho)<\/li>\n<li>Seguran\u00e7a em Transa\u00e7\u00e3o\u00a0<em>On-line<\/em><\/li>\n<li>Utilizando o PIX<\/li>\n<\/ul>\n<p>&nbsp;<\/p>\n<p style=\"text-align: center;\"><strong>CAP\u00cdTULO 8<\/strong><\/p>\n<p><strong>LETRAMENTO DIGITAL &#8211; PENSAMENTO CR\u00cdTICO<\/strong><\/p>\n<ul>\n<li>Em Quem se Pode Confiar no Mundo Virtual<\/li>\n<li>Amigos On-line e os Poss\u00edveis Riscos<\/li>\n<li>Como as Redes Sociais Funcionam<\/li>\n<li>A Super estimula\u00e7\u00e3o do C\u00e9rebro<\/li>\n<li>Efeitos Nocivos da Viol\u00eancia e de Conte\u00fados Inapropriados em Crian\u00e7as e Adolescentes<\/li>\n<li>Como Cr\u00edticas Conte\u00fados<\/li>\n<li>Como Denunciar Conte\u00fados Inapropriados ou Falsos<\/li>\n<li>Como Discernir entre Informa\u00e7\u00f5es Falsas e Verdadeiras<\/li>\n<li>A Postura do Crist\u00e3o Diante das\u00a0<em>Fake News<\/em><\/li>\n<\/ul>\n<p>&nbsp;<\/p>\n<p style=\"text-align: center;\"><strong>CAP\u00cdTULO 9<\/strong><\/p>\n<p><strong>INTELEG\u00caNCIA EMOCIONAL DIGITAL &#8211; EMPATIA\u00a0 DIGITAL<\/strong><\/p>\n<ul>\n<li>Os Espectadores e os Defensores<\/li>\n<li>A Empatia\u00a0<em>On-line<\/em><\/li>\n<li>O Crist\u00e3o e a Compaix\u00e3o<\/li>\n<li>Como Desenvolver as Habilidades de Intelg\u00eancia<\/li>\n<li>Emocional Digital<\/li>\n<\/ul>\n<p>&nbsp;<\/p>\n<p style=\"text-align: center;\"><strong>CAP\u00cdTULO 10<\/strong><\/p>\n<p><strong>INTELIG\u00caNCIA ARTIFICIAL<\/strong><\/p>\n<ul>\n<li>As Escrituras Sagradas e o Desenvolvimento Tecnol\u00f3gico<\/li>\n<li>Linha do Tempo do Desenvolvimento Tecnol\u00f3gico<\/li>\n<li>Intelig\u00eancia Artificial e seus Impactos na Sociedade<\/li>\n<li>O Crist\u00e3o e o Desenvolvimento da Intelig\u00eancia Artificial<\/li>\n<li>Intelig\u00eancia Artificial &#8211; Uma Ferramenta Neutra?<\/li>\n<\/ul>\n","protected":false},"featured_media":10575,"template":"","meta":[],"product_cat":[97],"product_tag":[],"class_list":["post-10574","product","type-product","status-publish","has-post-thumbnail","hentry","product_cat-livros"],"_links":{"self":[{"href":"https:\/\/lerban.com.br\/loja\/wp-json\/wp\/v2\/product\/10574"}],"collection":[{"href":"https:\/\/lerban.com.br\/loja\/wp-json\/wp\/v2\/product"}],"about":[{"href":"https:\/\/lerban.com.br\/loja\/wp-json\/wp\/v2\/types\/product"}],"wp:featuredmedia":[{"embeddable":true,"href":"https:\/\/lerban.com.br\/loja\/wp-json\/wp\/v2\/media\/10575"}],"wp:attachment":[{"href":"https:\/\/lerban.com.br\/loja\/wp-json\/wp\/v2\/media?parent=10574"}],"wp:term":[{"taxonomy":"product_cat","embeddable":true,"href":"https:\/\/lerban.com.br\/loja\/wp-json\/wp\/v2\/product_cat?post=10574"},{"taxonomy":"product_tag","embeddable":true,"href":"https:\/\/lerban.com.br\/loja\/wp-json\/wp\/v2\/product_tag?post=10574"}],"curies":[{"name":"wp","href":"https:\/\/api.w.org\/{rel}","templated":true}]}}